{"id":15898,"date":"2023-12-21T11:51:18","date_gmt":"2023-12-21T11:51:18","guid":{"rendered":"https:\/\/www.rapsel.it\/?page_id=15898"},"modified":"2024-03-26T17:58:27","modified_gmt":"2024-03-26T17:58:27","slug":"souto-de-moura","status":"publish","type":"page","link":"https:\/\/www.rapsel.it\/en\/souto-de-moura\/","title":{"rendered":"E. Souto De Moura"},"content":{"rendered":"<div data-elementor-type=\"wp-page\" data-elementor-id=\"15898\" class=\"elementor elementor-15898\">\n\t\t\t\t\t\t<section class=\"elementor-section elementor-top-section elementor-element elementor-element-a9986a1 elementor-section-full_width elementor-section-height-default elementor-section-height-default qodef-elementor-content-no\" data-id=\"a9986a1\" data-element_type=\"section\" data-e-type=\"section\" data-settings=\"{&quot;background_background&quot;:&quot;classic&quot;}\">\n\t\t\t\t\t\t<div class=\"elementor-container elementor-column-gap-default\">\n\t\t\t\t\t<div class=\"elementor-column elementor-col-50 elementor-top-column elementor-element elementor-element-35ff6db\" data-id=\"35ff6db\" data-element_type=\"column\" data-e-type=\"column\">\n\t\t\t<div class=\"elementor-widget-wrap elementor-element-populated\">\n\t\t\t\t\t\t<div class=\"elementor-element elementor-element-c05442a elementor-widget elementor-widget-spacer\" data-id=\"c05442a\" data-element_type=\"widget\" data-e-type=\"widget\" data-widget_type=\"spacer.default\">\n\t\t\t\t<div class=\"elementor-widget-container\">\n\t\t\t\t\t\t\t<div class=\"elementor-spacer\">\n\t\t\t<div class=\"elementor-spacer-inner\"><\/div>\n\t\t<\/div>\n\t\t\t\t\t\t<\/div>\n\t\t\t\t<\/div>\n\t\t\t\t<div class=\"elementor-element elementor-element-c2e6728 elementor-invisible elementor-widget elementor-widget-archicon_core_icon_with_text\" data-id=\"c2e6728\" data-element_type=\"widget\" data-e-type=\"widget\" data-settings=\"{&quot;_animation&quot;:&quot;fadeInLeft&quot;}\" data-widget_type=\"archicon_core_icon_with_text.default\">\n\t\t\t\t<div class=\"elementor-widget-container\">\n\t\t\t\t\t<div class=\"qodef-shortcode qodef-m  qodef-icon-with-text qodef-layout--before-content qodef--icon-pack\">\n\t<div class=\"qodef-m-icon-wrapper\" >\n\t\t<span class=\"qodef-shortcode qodef-m  qodef-icon-holder qodef-size--small qodef-layout--normal\"  >\t\t\t<a itemprop=\"url\" href=\"\/en\/designers\/\" target=\"_self\">\t\t\t<span class=\"qodef-icon-elegant-icons arrow_left qodef-icon qodef-e\" style=\"color: #FFFFFF\" ><\/span>\t\t\t<\/a>\t<\/span>\t<\/div>\n\t<div class=\"qodef-m-content\">\n\t\t\t<h5 class=\"qodef-m-title\" style=\"color: #FFFFFF\">\n\t\t\t\t\t<a itemprop=\"url\" href=\"\/en\/designers\/\" target=\"_self\">\n\t\t\t\t\t<span class=\"qodef-m-title-text\">Designers<\/span>\n\t\t\t\t\t<\/a>\n\t\t\t<\/h5>\n\t\t\t<\/div>\n<\/div>\n\t\t\t\t<\/div>\n\t\t\t\t<\/div>\n\t\t\t\t<div class=\"elementor-element elementor-element-0524d62 elementor-widget elementor-widget-archicon_core_section_title\" data-id=\"0524d62\" data-element_type=\"widget\" data-e-type=\"widget\" data-widget_type=\"archicon_core_section_title.default\">\n\t\t\t\t<div class=\"elementor-widget-container\">\n\t\t\t\t\t<div class=\"qodef-shortcode qodef-m  qodef-section-title qodef-alignment--left\"  >\n\t\t\t<h1 class=\"qodef-m-title\" style=\"color: #FFFFFF\">\n\t<span class=\"qodef-m-title-inner\" style=\"--qodef-st-custom-ls: -0.08em\">\n\t\t\tE. Souto<br \/> De <span class=\"qodef-m-highlight-text\" ><span class=\"qodef--original\">Moura<\/span><span class=\"qodef--fake\" >Moura<\/span><\/span>\t\t<\/span>\n\t<\/h1>\n\t\t<\/div>\n\t\t\t\t<\/div>\n\t\t\t\t<\/div>\n\t\t\t\t<div class=\"elementor-element elementor-element-4e89b10 elementor-widget elementor-widget-spacer\" data-id=\"4e89b10\" data-element_type=\"widget\" data-e-type=\"widget\" data-widget_type=\"spacer.default\">\n\t\t\t\t<div class=\"elementor-widget-container\">\n\t\t\t\t\t\t\t<div class=\"elementor-spacer\">\n\t\t\t<div class=\"elementor-spacer-inner\"><\/div>\n\t\t<\/div>\n\t\t\t\t\t\t<\/div>\n\t\t\t\t<\/div>\n\t\t\t\t<div class=\"elementor-element elementor-element-a8be3a7 elementor-widget elementor-widget-archicon_core_icon_with_text\" data-id=\"a8be3a7\" data-element_type=\"widget\" data-e-type=\"widget\" data-widget_type=\"archicon_core_icon_with_text.default\">\n\t\t\t\t<div class=\"elementor-widget-container\">\n\t\t\t\t\t<div class=\"qodef-shortcode qodef-m  qodef-icon-with-text qodef-layout--top qodef--custom-icon  qodef-alignment--left\">\n\t<div class=\"qodef-m-icon-wrapper\">\n\t\t\t\t\t<img decoding=\"async\" width=\"114\" height=\"115\" src=\"https:\/\/www.rapsel.it\/wp-content\/uploads\/2022\/04\/Group-1687.svg\" class=\"attachment-full size-full\" alt=\"d\" \/>\t\t<\/div>\n\t<div class=\"qodef-m-content\">\n\t\t\t\t\t<\/div>\n<\/div>\n\t\t\t\t<\/div>\n\t\t\t\t<\/div>\n\t\t\t\t<div class=\"elementor-element elementor-element-fdd52bf elementor-invisible elementor-widget elementor-widget-text-editor\" data-id=\"fdd52bf\" data-element_type=\"widget\" data-e-type=\"widget\" data-settings=\"{&quot;_animation&quot;:&quot;fadeInUp&quot;}\" data-widget_type=\"text-editor.default\">\n\t\t\t\t<div class=\"elementor-widget-container\">\n\t\t\t\t\t\t\t\t\t<h4 data-sourcepos=\"3:1-3:214\"><span style=\"color: #ffffff;\">Eduardo Souto de Moura \u00e8 un architetto portoghese nato a Porto nel 1952. \u00c8 considerato uno dei pi\u00f9 importanti architetti contemporanei, e il suo lavoro \u00e8 stato caratterizzato da un approccio minimalista e rigoroso.<\/span><\/h4><h4 data-sourcepos=\"5:1-5:237\"><span style=\"color: #ffffff;\"><strong>Souto de Moura ha studiato architettura alla Scuola di Architettura di Porto, dove si \u00e8 laureato nel 1979.<\/strong> Dopo la laurea, ha lavorato come assistente di \u00c1lvaro Siza Vieira, uno dei pi\u00f9 importanti architetti portoghesi del XX secolo.<\/span><\/h4><h4 data-sourcepos=\"7:1-7:263\"><span style=\"color: #ffffff;\"><strong>Il lavoro di Souto de Moura \u00e8 caratterizzato da un uso rigoroso dei materiali e delle forme.<\/strong> I suoi progetti sono spesso ispirati al contesto locale e alla cultura, e si concentrano sulla creazione di edifici che siano belli, utili e rispettosi dell&#8217;ambiente.<\/span><\/h4><h4 data-sourcepos=\"9:1-9:75\"><span style=\"color: #ffffff;\"><strong>Alcuni dei progetti pi\u00f9 importanti di Eduardo Souto de Moura includono:<\/strong><\/span><\/h4><ul data-sourcepos=\"11:1-19:0\"><li data-sourcepos=\"11:1-12:81\"><h4 data-sourcepos=\"11:3-12:81\"><span style=\"color: #ffffff;\"><strong>La Casa da M\u00fasica a Porto, Portogallo<\/strong> (2005)<\/span><\/h4><div class=\"image-container hide-from-message-actions ng-star-inserted\"><div class=\"overlay-container ng-star-inserted\"><span style=\"color: #ffffff;\"><a class=\"image-source-link ng-star-inserted\" style=\"color: #ffffff;\" href=\"https:\/\/www.archdaily.pe\/pe\/626384\/estacion-de-metro-casa-da-musica-eduardo-souto-de-moura\" target=\"_blank\" rel=\"noopener noreferrer\" aria-live=\"polite\"><span class=\"ng-star-inserted\" data-test-id=\"content\"><img decoding=\"async\" class=\"image\" src=\"https:\/\/encrypted-tbn0.gstatic.com\/images?q=tbn:ANd9GcRn1zlqCW71Kw7LzmxoCTV3QAYGt-vYF3B8qTSr5VbJQc_xKkSUjAUcU0C12z5x\" alt=\"Image of Casa da M\u00fasica a Porto, Portogallo, progetto di Eduardo Souto de Moura\" \/><\/span><\/a><\/span><\/div><\/div><\/li><li data-sourcepos=\"13:1-14:82\"><h4 data-sourcepos=\"13:3-14:82\"><span style=\"color: #ffffff;\"><strong>Il Museu Serralves a Porto, Portogallo<\/strong> (1999)<\/span><\/h4><\/li><li data-sourcepos=\"15:1-16:0\"><h4 data-sourcepos=\"15:3-15:59\"><span style=\"color: #ffffff;\"><strong>La Fondazione Gulbenkian a Lisbona, Portogallo<\/strong> (2006)<\/span><\/h4><\/li><li data-sourcepos=\"17:1-19:0\"><h4 data-sourcepos=\"17:3-17:62\"><span style=\"color: #ffffff;\"><strong>Il Centro Cultural de Bel\u00e9m a Lisbona, Portogallo<\/strong> (1996)<\/span><\/h4><\/li><\/ul><h4 data-sourcepos=\"20:1-20:183\"><span style=\"color: #ffffff;\"><strong>Souto de Moura ha ricevuto numerosi premi per il suo lavoro, tra cui il Premio Pritzker nel 2011.<\/strong> \u00c8 stato anche invitato a partecipare a numerose mostre e convegni internazionali.<\/span><\/h4><h4 data-sourcepos=\"22:1-22:168\"><span style=\"color: #ffffff;\"><strong>I suoi progetti sono stati pubblicati su riviste e libri di architettura di tutto il mondo, e hanno contribuito a definire lo stile dell&#8217;architettura contemporanea.<\/strong><\/span><\/h4>\t\t\t\t\t\t\t\t<\/div>\n\t\t\t\t<\/div>\n\t\t\t\t<div class=\"elementor-element elementor-element-c95bea5 elementor-widget elementor-widget-spacer\" data-id=\"c95bea5\" data-element_type=\"widget\" data-e-type=\"widget\" data-widget_type=\"spacer.default\">\n\t\t\t\t<div class=\"elementor-widget-container\">\n\t\t\t\t\t\t\t<div class=\"elementor-spacer\">\n\t\t\t<div class=\"elementor-spacer-inner\"><\/div>\n\t\t<\/div>\n\t\t\t\t\t\t<\/div>\n\t\t\t\t<\/div>\n\t\t\t\t\t<\/div>\n\t\t<\/div>\n\t\t\t\t<div class=\"elementor-column elementor-col-50 elementor-top-column elementor-element elementor-element-b316975 qodef-sticky-column\" data-id=\"b316975\" data-element_type=\"column\" data-e-type=\"column\" data-settings=\"{&quot;background_background&quot;:&quot;classic&quot;}\">\n\t\t\t<div class=\"elementor-widget-wrap elementor-element-populated\">\n\t\t\t\t\t\t<div class=\"elementor-element elementor-element-2e9e9ae elementor-widget elementor-widget-spacer\" data-id=\"2e9e9ae\" data-element_type=\"widget\" data-e-type=\"widget\" data-widget_type=\"spacer.default\">\n\t\t\t\t<div class=\"elementor-widget-container\">\n\t\t\t\t\t\t\t<div class=\"elementor-spacer\">\n\t\t\t<div class=\"elementor-spacer-inner\"><\/div>\n\t\t<\/div>\n\t\t\t\t\t\t<\/div>\n\t\t\t\t<\/div>\n\t\t\t\t\t<\/div>\n\t\t<\/div>\n\t\t\t\t\t<\/div>\n\t\t<\/section>\n\t\t\t\t<\/div>","protected":false},"excerpt":{"rendered":"<p>Designers E. Souto De MouraMoura Eduardo Souto de Moura \u00e8 un architetto portoghese nato a Porto nel 1952. \u00c8 considerato uno dei pi\u00f9 importanti architetti contemporanei, e il suo lavoro \u00e8 stato caratterizzato da un approccio minimalista e rigoroso. Souto de Moura ha studiato architettura alla Scuola di Architettura di Porto, dove si \u00e8 laureato [&hellip;]<\/p>\n","protected":false},"author":1,"featured_media":0,"parent":0,"menu_order":0,"comment_status":"closed","ping_status":"closed","template":"page-full-width.php","meta":{"_coblocks_attr":"","_coblocks_dimensions":"","_coblocks_responsive_height":"","_coblocks_accordion_ie_support":"","om_disable_all_campaigns":false,"_monsterinsights_skip_tracking":false,"_monsterinsights_sitenote_active":false,"_monsterinsights_sitenote_note":"","_monsterinsights_sitenote_category":0,"footnotes":""},"class_list":["post-15898","page","type-page","status-publish","hentry"],"aioseo_notices":[],"_links":{"self":[{"href":"https:\/\/www.rapsel.it\/en\/wp-json\/wp\/v2\/pages\/15898","targetHints":{"allow":["GET"]}}],"collection":[{"href":"https:\/\/www.rapsel.it\/en\/wp-json\/wp\/v2\/pages"}],"about":[{"href":"https:\/\/www.rapsel.it\/en\/wp-json\/wp\/v2\/types\/page"}],"author":[{"embeddable":true,"href":"https:\/\/www.rapsel.it\/en\/wp-json\/wp\/v2\/users\/1"}],"replies":[{"embeddable":true,"href":"https:\/\/www.rapsel.it\/en\/wp-json\/wp\/v2\/comments?post=15898"}],"version-history":[{"count":4,"href":"https:\/\/www.rapsel.it\/en\/wp-json\/wp\/v2\/pages\/15898\/revisions"}],"predecessor-version":[{"id":15994,"href":"https:\/\/www.rapsel.it\/en\/wp-json\/wp\/v2\/pages\/15898\/revisions\/15994"}],"wp:attachment":[{"href":"https:\/\/www.rapsel.it\/en\/wp-json\/wp\/v2\/media?parent=15898"}],"curies":[{"name":"wp","href":"https:\/\/api.w.org\/{rel}","templated":true}]}}